{"id":49676,"date":"2021-01-13T18:38:31","date_gmt":"2021-01-13T18:38:31","guid":{"rendered":"https:\/\/winmontreal.org\/?page_id=49676"},"modified":"2021-01-25T19:32:13","modified_gmt":"2021-01-25T19:32:13","slug":"programmes-et-activites","status":"publish","type":"page","link":"http:\/\/winmontreal.org\/fr\/programmes-et-activites\/","title":{"rendered":"Programmes et activit\u00e9s"},"content":{"rendered":"<p>[et_pb_section fb_built=&#8221;1&#8243; _builder_version=&#8221;4.7.0&#8243; _module_preset=&#8221;default&#8221; background_image=&#8221;https:\/\/winmontreal.org\/wp-content\/uploads\/iStock-1159638684-copy.jpg&#8221; custom_padding=&#8221;6%||6%||true|false&#8221;][et_pb_row _builder_version=&#8221;4.7.0&#8243; _module_preset=&#8221;default&#8221;][et_pb_column type=&#8221;4_4&#8243; _builder_version=&#8221;4.7.0&#8243; _module_preset=&#8221;default&#8221;][et_pb_text _builder_version=&#8221;4.7.7&#8243; _module_preset=&#8221;default&#8221; header_font=&#8221;|800||on|||||&#8221; header_text_color=&#8221;#ffffff&#8221; header_font_size=&#8221;70px&#8221; header_line_height=&#8221;1.1em&#8221; animation_style=&#8221;fade&#8221; header_font_size_tablet=&#8221;55px&#8221; header_font_size_phone=&#8221;40px&#8221; header_font_size_last_edited=&#8221;on|desktop&#8221;]<\/p>\n<h1 style=\"text-align: center;\">Programmes et activit\u00e9s<\/h1>\n<p>[\/et_pb_text][\/et_pb_column][\/et_pb_row][\/et_pb_section][et_pb_section fb_built=&#8221;1&#8243; _builder_version=&#8221;4.7.0&#8243; background_enable_color=&#8221;off&#8221; custom_margin=&#8221;||||false|false&#8221; custom_padding=&#8221;38px||||false|false&#8221; locked=&#8221;off&#8221;][et_pb_row _builder_version=&#8221;4.7.0&#8243; _module_preset=&#8221;default&#8221; custom_padding=&#8221;||0px|||&#8221;][et_pb_column type=&#8221;4_4&#8243; _builder_version=&#8221;4.7.0&#8243; _module_preset=&#8221;default&#8221;][et_pb_text _builder_version=&#8221;4.8.0&#8243; text_font=&#8221;|700|||||||&#8221; text_text_color=&#8221;#333333&#8243; text_font_size=&#8221;26px&#8221; custom_margin=&#8221;||15px||false|false&#8221; custom_padding=&#8221;||||false|false&#8221; text_line_height_tablet=&#8221;&#8221; text_line_height_phone=&#8221;1.2em&#8221; text_line_height_last_edited=&#8221;on|desktop&#8221; text_text_align=&#8221;left&#8221;]<\/p>\n<p>Dates importantes<\/p>\n<p>[\/et_pb_text][et_pb_divider color=&#8221;#ff9015&#8243; divider_weight=&#8221;6px&#8221; _builder_version=&#8221;4.7.0&#8243; width=&#8221;80px&#8221; custom_padding=&#8221;||||false|false&#8221;][\/et_pb_divider][\/et_pb_column][\/et_pb_row][et_pb_row column_structure=&#8221;1_4,1_4,1_4,1_4&#8243; _builder_version=&#8221;4.7.0&#8243; _module_preset=&#8221;default&#8221; custom_padding=&#8221;2%||2%||true|false&#8221;][et_pb_column type=&#8221;1_4&#8243; _builder_version=&#8221;4.7.0&#8243; _module_preset=&#8221;default&#8221;][et_pb_text _builder_version=&#8221;4.7.7&#8243; _module_preset=&#8221;default&#8221; header_font=&#8221;|800|||||||&#8221; header_text_color=&#8221;#195176&#8243; header_font_size=&#8221;50px&#8221; header_3_font=&#8221;|800|||||||&#8221; header_3_text_color=&#8221;#195176&#8243;]<\/p>\n<h1 style=\"text-align: center;\">1<\/h1>\n<h3 style=\"text-align: center;\">f\u00e9vrier<\/h3>\n<p style=\"text-align: center;\"><a href=\"https:\/\/www.journeejoie.org\/\" target=\"_blank\" rel=\"noopener noreferrer\">La journ\u00e9e m\u2019enchante<\/a><\/p>\n<p>[\/et_pb_text][\/et_pb_column][et_pb_column type=&#8221;1_4&#8243; _builder_version=&#8221;4.7.0&#8243; _module_preset=&#8221;default&#8221;][et_pb_text _builder_version=&#8221;4.8.1&#8243; _module_preset=&#8221;default&#8221; header_font=&#8221;|800|||||||&#8221; header_text_color=&#8221;#195176&#8243; header_font_size=&#8221;50px&#8221; header_3_font=&#8221;|800|||||||&#8221; header_3_text_color=&#8221;#195176&#8243;]<\/p>\n<h1 style=\"text-align: center;\">28<\/h1>\n<h3 style=\"text-align: center;\">f\u00e9vrier<\/h3>\n<p style=\"text-align: center;\">Date limite pour le concours annuel <a href=\"https:\/\/www.intergenerationsquebec.org\/semaine-quebecoise-intergenerationelle\/#concours\" target=\"_blank\" rel=\"noopener noreferrer\">d\u2019Interg\u00e9n\u00e9rations Qu\u00e9bec<\/a><\/p>\n<p>[\/et_pb_text][\/et_pb_column][et_pb_column type=&#8221;1_4&#8243; _builder_version=&#8221;4.7.0&#8243; _module_preset=&#8221;default&#8221;][et_pb_text _builder_version=&#8221;4.7.7&#8243; _module_preset=&#8221;default&#8221; header_font=&#8221;|800|||||||&#8221; header_text_color=&#8221;#195176&#8243; header_font_size=&#8221;50px&#8221; header_3_font=&#8221;|800|||||||&#8221; header_3_text_color=&#8221;#195176&#8243;]<\/p>\n<h1 style=\"text-align: center;\">25<\/h1>\n<h3 style=\"text-align: center;\">mai<\/h3>\n<p style=\"text-align: center;\"><a href=\"https:\/\/www.intergenerationsquebec.org\/semaine-quebecoise-intergenerationelle\/#sqi\" target=\"_blank\" rel=\"noopener noreferrer\">Journ\u00e9e qu\u00e9b\u00e9coise l\u2019amiti\u00e9 n\u2019a pas d\u2019\u00e2ge.<\/a><\/p>\n<p>[\/et_pb_text][\/et_pb_column][et_pb_column type=&#8221;1_4&#8243; _builder_version=&#8221;4.7.0&#8243; _module_preset=&#8221;default&#8221;][et_pb_text _builder_version=&#8221;4.7.7&#8243; _module_preset=&#8221;default&#8221; header_font=&#8221;|800|||||||&#8221; header_text_color=&#8221;#195176&#8243; header_font_size=&#8221;50px&#8221; header_3_font=&#8221;|800|||||||&#8221; header_3_text_color=&#8221;#195176&#8243;]<\/p>\n<h1 style=\"text-align: center;\">23-29<\/h1>\n<h3 style=\"text-align: center;\">mai<\/h3>\n<p style=\"text-align: center;\"><a href=\"https:\/\/www.intergenerationsquebec.org\/semaine-quebecoise-intergenerationelle\/#sqi\" target=\"_blank\" rel=\"noopener noreferrer\">Semaine Qu\u00e9b\u00e9coise interg\u00e9n\u00e9rationnelle<\/a><\/p>\n<p>[\/et_pb_text][\/et_pb_column][\/et_pb_row][et_pb_row column_structure=&#8221;1_4,1_4,1_4,1_4&#8243; _builder_version=&#8221;4.7.0&#8243; _module_preset=&#8221;default&#8221; custom_padding=&#8221;2%||2%||true|false&#8221;][et_pb_column type=&#8221;1_4&#8243; _builder_version=&#8221;4.7.0&#8243; _module_preset=&#8221;default&#8221;][et_pb_text _builder_version=&#8221;4.7.7&#8243; _module_preset=&#8221;default&#8221; header_font=&#8221;|800|||||||&#8221; header_text_color=&#8221;#195176&#8243; header_font_size=&#8221;50px&#8221; header_3_font=&#8221;|800|||||||&#8221; header_3_text_color=&#8221;#195176&#8243;]<\/p>\n<h1 style=\"text-align: center;\">1<\/h1>\n<h3 style=\"text-align: center;\">juin<\/h3>\n<p style=\"text-align: center;\"><a href=\"http:\/\/intergenerational.ca\/i2i\/ig-day\/\" target=\"_blank\" rel=\"noopener noreferrer\">Journ\u00e9e interg\u00e9n\u00e9rationnelle Canada<\/a><\/p>\n<p>[\/et_pb_text][\/et_pb_column][et_pb_column type=&#8221;1_4&#8243; _builder_version=&#8221;4.7.0&#8243; _module_preset=&#8221;default&#8221;][et_pb_text _builder_version=&#8221;4.7.7&#8243; _module_preset=&#8221;default&#8221; header_font=&#8221;|800|||||||&#8221; header_text_color=&#8221;#195176&#8243; header_font_size=&#8221;50px&#8221; header_3_font=&#8221;|800|||||||&#8221; header_3_text_color=&#8221;#195176&#8243;]<\/p>\n<h1 style=\"text-align: center;\">12<\/h1>\n<h3 style=\"text-align: center;\">septembre<\/h3>\n<p style=\"text-align: center;\"><a href=\"https:\/\/grandparentsday.org\/\" target=\"_blank\" rel=\"noopener noreferrer\">F\u00eate des grands-parents<\/a><\/p>\n<p>[\/et_pb_text][\/et_pb_column][et_pb_column type=&#8221;1_4&#8243; _builder_version=&#8221;4.7.0&#8243; _module_preset=&#8221;default&#8221;][et_pb_text _builder_version=&#8221;4.8.1&#8243; _module_preset=&#8221;default&#8221; header_font=&#8221;|800|||||||&#8221; header_text_color=&#8221;#195176&#8243; header_font_size=&#8221;50px&#8221; header_3_font=&#8221;|800|||||||&#8221; header_3_text_color=&#8221;#195176&#8243;]<\/p>\n<h1 style=\"text-align: center;\">1<\/h1>\n<h3 style=\"text-align: center;\">octobre<\/h3>\n<p style=\"text-align: center;\"><a href=\"https:\/\/www.canada.ca\/fr\/emploi-developpement-social\/campagne\/jour-nationale-aines.html\" target=\"_blank\" rel=\"noopener noreferrer\">Journ\u00e9e nationale des a\u00een\u00e9s<\/a><\/p>\n<p>[\/et_pb_text][\/et_pb_column][et_pb_column type=&#8221;1_4&#8243; _builder_version=&#8221;4.7.0&#8243; _module_preset=&#8221;default&#8221;][et_pb_text _builder_version=&#8221;4.7.7&#8243; _module_preset=&#8221;default&#8221; header_font=&#8221;|800|||||||&#8221; header_text_color=&#8221;#195176&#8243; header_font_size=&#8221;50px&#8221; header_3_font=&#8221;|800|||||||&#8221; header_3_text_color=&#8221;#195176&#8243;]<\/p>\n<h1 style=\"text-align: center;\">1<\/h1>\n<h3 style=\"text-align: center;\">octobre<\/h3>\n<p style=\"text-align: center;\"><a href=\"https:\/\/www.un.org\/development\/desa\/ageing\/international-day-of-older-persons-homepage.html\" target=\"_blank\" rel=\"noopener noreferrer\">Journ\u00e9e internationale des personnes \u00e2g\u00e9es (ONU)<\/a><\/p>\n<p>[\/et_pb_text][\/et_pb_column][\/et_pb_row][\/et_pb_section][et_pb_section fb_built=&#8221;1&#8243; _builder_version=&#8221;4.7.0&#8243; background_color=&#8221;#f8f9f9&#8243; custom_margin=&#8221;||||false|false&#8221; custom_padding=&#8221;||0px||false|false&#8221; animation_style=&#8221;fade&#8221; locked=&#8221;off&#8221;][et_pb_row column_structure=&#8221;2_3,1_3&#8243; _builder_version=&#8221;4.7.0&#8243; _module_preset=&#8221;default&#8221; custom_padding=&#8221;||0px|||&#8221;][et_pb_column type=&#8221;2_3&#8243; _builder_version=&#8221;4.7.0&#8243; _module_preset=&#8221;default&#8221;][et_pb_text _builder_version=&#8221;4.7.7&#8243; text_font=&#8221;|700|||||||&#8221; text_text_color=&#8221;#333333&#8243; text_font_size=&#8221;26px&#8221; custom_margin=&#8221;||15px||false|false&#8221; custom_padding=&#8221;||||false|false&#8221; text_line_height_tablet=&#8221;&#8221; text_line_height_phone=&#8221;1.2em&#8221; text_line_height_last_edited=&#8221;on|desktop&#8221; text_text_align=&#8221;left&#8221;]<\/p>\n<p style=\"text-align: left;\">Conseils pour favoriser les liens interg\u00e9n\u00e9rationnels<\/p>\n<p>[\/et_pb_text][et_pb_divider color=&#8221;#ff9015&#8243; divider_weight=&#8221;6px&#8221; _builder_version=&#8221;4.7.0&#8243; width=&#8221;80px&#8221; module_alignment=&#8221;left&#8221; custom_margin=&#8221;||10px||false|false&#8221; custom_padding=&#8221;||0px||false|false&#8221;][\/et_pb_divider][et_pb_text _builder_version=&#8221;4.8.1&#8243; _module_preset=&#8221;default&#8221; custom_margin=&#8221;-2px|||||&#8221;]<\/p>\n<p style=\"text-align: left;\"><strong>Cherchez-vous de l\u2019inspiration?<\/strong> Consid\u00e9rez ce que vous faites maintenant et posez-vous la question\u00a0: comment pourrions-nous le faire diff\u00e9remment pour y inclure un \u00e9l\u00e9ment interg\u00e9n\u00e9rationnel?<\/p>\n<p style=\"text-align: left;\"><strong>Voici quelques conseils g\u00e9n\u00e9raux pour favoriser les liens interg\u00e9n\u00e9rationnels lors de vos \u00e9v\u00e9nements :<\/strong><\/p>\n<ul>\n<li style=\"text-align: left;\">Partage de connaissances et de comp\u00e9tences entre les g\u00e9n\u00e9rations (ateliers,<br \/> pr\u00e9sentations)<\/li>\n<li style=\"text-align: left;\">Regroupement des g\u00e9n\u00e9rations par champs d\u2019int\u00e9r\u00eats communs (club de lecture,<br \/> randonn\u00e9e, etc.)<\/li>\n<li style=\"text-align: left;\">Cocr\u00e9ation en arts et en artisanat (arts visuels, \u00e9criture, th\u00e9\u00e2tre)<\/li>\n<li style=\"text-align: left;\">Partage de l\u2019exp\u00e9rience de vie par l\u2019expression artistique (conte, etc.)<\/li>\n<li style=\"text-align: left;\">Apprentissage d\u2019une nouvelle comp\u00e9tence ensemble (jardinage, cuisine, poterie,<br \/> etc.)<\/li>\n<li style=\"text-align: left;\">Partage d\u2019exp\u00e9riences (heure du th\u00e9, questions \u00ab\u00a0avant et maintenant\u00a0\u00bb,<br \/> c\u00e9l\u00e9brations de dates marquantes. etc.)<\/li>\n<\/ul>\n<p>[\/et_pb_text][\/et_pb_column][et_pb_column type=&#8221;1_3&#8243; _builder_version=&#8221;4.7.0&#8243; _module_preset=&#8221;default&#8221;][et_pb_image src=&#8221;https:\/\/winmontreal.org\/wp-content\/uploads\/iStock-971388782-1.jpg&#8221; title_text=&#8221;iStock-971388782 (1)&#8221; _builder_version=&#8221;4.7.0&#8243; _module_preset=&#8221;default&#8221;][\/et_pb_image][\/et_pb_column][\/et_pb_row][et_pb_row column_structure=&#8221;1_3,2_3&#8243; _builder_version=&#8221;4.7.0&#8243; _module_preset=&#8221;default&#8221; custom_padding=&#8221;||50px||false|false&#8221;][et_pb_column type=&#8221;1_3&#8243; _builder_version=&#8221;4.7.0&#8243; _module_preset=&#8221;default&#8221;][et_pb_video src=&#8221;https:\/\/www.youtube.com\/watch?v=SFKet7Rw2H8&#8243; _builder_version=&#8221;4.7.0&#8243; _module_preset=&#8221;default&#8221;][\/et_pb_video][\/et_pb_column][et_pb_column type=&#8221;2_3&#8243; _builder_version=&#8221;4.7.0&#8243; _module_preset=&#8221;default&#8221;][et_pb_text _builder_version=&#8221;4.7.7&#8243; text_font=&#8221;|700|||||||&#8221; text_text_color=&#8221;#333333&#8243; text_font_size=&#8221;26px&#8221; custom_margin=&#8221;||15px||false|false&#8221; custom_padding=&#8221;||||false|false&#8221; text_line_height_tablet=&#8221;&#8221; text_line_height_phone=&#8221;1.2em&#8221; text_line_height_last_edited=&#8221;on|desktop&#8221; text_text_align=&#8221;left&#8221;]<\/p>\n<p style=\"text-align: left;\">Voici quelques exemples pour vous donner des id\u00e9es\u00a0:<\/p>\n<p>[\/et_pb_text][et_pb_divider color=&#8221;#ff9015&#8243; divider_weight=&#8221;6px&#8221; _builder_version=&#8221;4.7.0&#8243; width=&#8221;80px&#8221; module_alignment=&#8221;left&#8221; custom_margin=&#8221;||10px||false|false&#8221; custom_padding=&#8221;||0px||false|false&#8221;][\/et_pb_divider][et_pb_text _builder_version=&#8221;4.7.7&#8243; _module_preset=&#8221;default&#8221; custom_margin=&#8221;-2px|||||&#8221;]<\/p>\n<ul>\n<li><a href=\"https:\/\/www.youtube.com\/watch?v=SFKet7Rw2H8\" target=\"_blank\" rel=\"noopener noreferrer\">Mobilisation \u00e9clair (\u00ab\u00a0flashmob\u00a0\u00bb)<\/a> (Interg\u00e9n\u00e9rations Qu\u00e9bec)<\/li>\n<li><a href=\"https:\/\/www.youtube.com\/watch?v=2ov1Ue_vWoU\" target=\"_blank\" rel=\"noopener noreferrer\">Cyber Seniors<\/a> \u2013 Sienna Senior Living\u00a0: Une aventure inoubliable!<\/li>\n<li><a href=\"https:\/\/www.youtube.com\/watch?v=jp400M3xsn4\" target=\"_blank\" rel=\"noopener noreferrer\">Programme de visites scolaires<\/a> \/ Centre ou r\u00e9sidence pour personnes a\u00een\u00e9es (SKIP cr\u00e9e des occasions de rencontre entre les enfants et les personnes a\u00een\u00e9es pour enrichir la vie de chacun et chacune.)<\/li>\n<li><a href=\"https:\/\/www.cbc.ca\/radio\/sunday\/air-strikes-in-syria-new-bq-leader-vigilantism-intergenerational-choir-1.4053578\/the-intergenerational-choir-bringing-teens-and-people-with-alzheimer-s-together-1.4058288\" target=\"_blank\" rel=\"noopener noreferrer\">Linking Generations through Song<\/a>\u00a0: Cette chorale interg\u00e9n\u00e9rationnelle r\u00e9unit par le chant des adolescents, des personnes affect\u00e9es par la maladie d\u2019Alzheimer et des religieuses (Alzheimer Society London and Middlesex, \u00e9cole secondaire Medway et S\u0153urs de saint Joseph).<\/li>\n<li>Explorez le <a href=\"https:\/\/winmontreal.org\/blog\/\" target=\"_blank\" rel=\"noopener noreferrer\">blogue de WIN<\/a> (en anglais) et nos pages <a href=\"https:\/\/www.facebook.com\/intergenerationsWIN\" target=\"_blank\" rel=\"noopener noreferrer\">Facebook<\/a> et <a href=\"https:\/\/www.instagram.com\/winmontreal\/\" target=\"_blank\" rel=\"noopener noreferrer\">Instagram<\/a>.<\/li>\n<\/ul>\n<p>[\/et_pb_text][\/et_pb_column][\/et_pb_row][\/et_pb_section][et_pb_section fb_built=&#8221;1&#8243; custom_padding_last_edited=&#8221;on|phone&#8221; _builder_version=&#8221;4.7.0&#8243; background_color=&#8221;#195176&#8243; background_enable_image=&#8221;off&#8221; custom_margin=&#8221;|0px||0px|false|true&#8221; custom_padding=&#8221;3%|0px|3%|0px|true|true&#8221; custom_padding_tablet=&#8221;&#8221; custom_padding_phone=&#8221;8%|0px|8%|0px|true|true&#8221; locked=&#8221;off&#8221;][et_pb_row column_structure=&#8221;1_5,3_5,1_5&#8243; make_equal=&#8221;on&#8221; _builder_version=&#8221;4.7.0&#8243; _module_preset=&#8221;default&#8221; custom_padding=&#8221;0px||0px||false|false&#8221;][et_pb_column type=&#8221;1_5&#8243; module_class=&#8221;vertical-align&#8221; _builder_version=&#8221;4.7.0&#8243; _module_preset=&#8221;default&#8221;][\/et_pb_column][et_pb_column type=&#8221;3_5&#8243; module_class=&#8221;vertical-align&#8221; _builder_version=&#8221;4.7.0&#8243; _module_preset=&#8221;default&#8221;][et_pb_text _builder_version=&#8221;4.7.7&#8243; _module_preset=&#8221;default&#8221; text_text_color=&#8221;#ffffff&#8221; header_3_text_color=&#8221;#ffffff&#8221; header_3_font_size=&#8221;40px&#8221; custom_margin=&#8221;||-2px|||&#8221;]<\/p>\n<h3 style=\"text-align: center;\"><strong>Inspirations locales<\/strong><\/h3>\n<p>[\/et_pb_text][\/et_pb_column][et_pb_column type=&#8221;1_5&#8243; module_class=&#8221;vertical-align&#8221; _builder_version=&#8221;4.7.0&#8243; _module_preset=&#8221;default&#8221;][\/et_pb_column][\/et_pb_row][et_pb_row _builder_version=&#8221;4.7.0&#8243; _module_preset=&#8221;default&#8221;][et_pb_column type=&#8221;4_4&#8243; _builder_version=&#8221;4.7.0&#8243; _module_preset=&#8221;default&#8221;][et_pb_accordion _builder_version=&#8221;4.8.1&#8243; _module_preset=&#8221;default&#8221; toggle_font=&#8221;|800|||||||&#8221; hover_enabled=&#8221;0&#8243; sticky_enabled=&#8221;0&#8243;][et_pb_accordion_item title=&#8221;engAGE&#8221; open=&#8221;on&#8221; _builder_version=&#8221;4.7.0&#8243; _module_preset=&#8221;default&#8221;]<a href=\"https:\/\/www.concordia.ca\/research\/aging\/projects\/living-labs.html\" target=\"_blank\" rel=\"noopener noreferrer\">engAGE Living Lab Digital Era Response<\/a> (ELLDER)<br \/>\n[\/et_pb_accordion_item][et_pb_accordion_item title=&#8221;Linking Generations through Song&#8221; _builder_version=&#8221;4.8.1&#8243; _module_preset=&#8221;default&#8221; hover_enabled=&#8221;0&#8243; open=&#8221;off&#8221; sticky_enabled=&#8221;0&#8243;]<\/p>\n<p><a href=\"https:\/\/agiteam.org\/?l=fr\" target=\"_blank\" rel=\"noopener noreferrer\">Linking Generations through Song d\u2019AGI<\/a>\u00a0est un programme de chant interg\u00e9n\u00e9rationnel et inclusif anim\u00e9 par un ou une musicoth\u00e9rapeute. L\u2019activit\u00e9 s\u2019adresse aux personnes affect\u00e9es par la maladie d\u2019Alzheimer ou la d\u00e9mence avec un proche aidant, ainsi que des \u00e9l\u00e8ves et d\u2019autres membres de la collectivit\u00e9<\/p>\n<p>[\/et_pb_accordion_item][et_pb_accordion_item title=&#8221;Linking Generations through Art&#8221; _builder_version=&#8221;4.7.7&#8243; _module_preset=&#8221;default&#8221; open=&#8221;off&#8221;]<\/p>\n<p>Le programme de jour du Centre Cummings a \u00e9tabli un partenariat avec les camps d\u2019\u00e9t\u00e9\u00a02019 de la ville de C\u00f4te-Saint-Luc afin de cr\u00e9er une murale en collaboration entre les personnes a\u00een\u00e9es participantes et les jeunes de la collectivit\u00e9. L\u2019objectif du projet \u00e9tait de lancer un dialogue au sujet des similarit\u00e9s entre les deux groupes et de favoriser les liens interpersonnels sur place et dans la collectivit\u00e9. Plus de 65\u00a0adultes d\u2019\u00e2ge m\u00fbr et 60\u00a0enfants ont particip\u00e9 au projet.<\/p>\n<p>[\/et_pb_accordion_item][et_pb_accordion_item title=&#8221;Programme de service de garde interg\u00e9n\u00e9rationnel&#8221; _builder_version=&#8221;4.7.7&#8243; _module_preset=&#8221;default&#8221; body_quote_border_color=&#8221;#195176&#8243; open=&#8221;off&#8221;]<\/p>\n<p>Ce programme vise \u00e0 favoriser la cr\u00e9ation de liens entre les personnes a\u00een\u00e9es et les jeunes enfants. En octobre\u00a02017, des personnes a\u00een\u00e9es de l\u2019ouest de Montr\u00e9al ont commenc\u00e9 \u00e0 travailler comme b\u00e9n\u00e9voles au CPE Les P\u2019tits Profs.<\/p>\n<p>Cette initiative a commenc\u00e9 en tant que projet scolaire et s\u2019est transform\u00e9e en programme de d\u00e9veloppement communautaire. En octobre\u00a02017, des personnes a\u00een\u00e9es de l\u2019ouest de Montr\u00e9al ont commenc\u00e9 \u00e0 travailler comme b\u00e9n\u00e9voles au CPE Les P\u2019tits Profs.<\/p>\n<p>Les garderies et les centres de la petite enfance du Qu\u00e9bec ont subi des coupures importantes de financement et plusieurs \u00e9taient \u00e0 la recherche de b\u00e9n\u00e9voles. Par ailleurs, une personne sur trois dans le secteur de Notre-Dame-de-Gr\u00e2ce a plus de 65\u00a0ans! Pourquoi ne pas saisir cette occasion d\u2019impliquer les personnes a\u00een\u00e9es? En tant que b\u00e9n\u00e9voles au CPE, elles peuvent offrir leur soutien et profiter des bienfaits des \u00e9changes interg\u00e9n\u00e9rationnels. <strong>Les personnes a\u00een\u00e9es b\u00e9n\u00e9voles avaient un choix d\u2019options pour leur participation, par exemple l\u2019aide aux repas, la supervision \u00e0 l\u2019ext\u00e9rieur ou la lecture.<\/strong><\/p>\n<p><strong>T\u00e9moignages<\/strong><\/p>\n<blockquote>\n<p>\u00ab\u00a0Vous ne pouvez pas imaginer \u00e0 quel point \u00e7a va bien \u00e0 la garderie. C\u2019est incroyable.<br \/> Les liens avec les enfants sont pr\u00e9cieux, tout le monde est adorable et l\u2019accueil est<br \/> chaleureux. J\u2019ai h\u00e2te \u00e0 chaque mardi. C\u2019est une belle occasion de \u00ab\u00a0rajeunir\u00a0\u00bb! Matthew,<br \/> mon petit-fils le plus jeune, a maintenant 15\u00a0ans, alors je n\u2019ai plus de tout-petits dans ma<br \/> propre famille.\u00a0\u00bb \u2014 B\u00e9n\u00e9vole depuis octobre\u00a02017<\/p>\n<\/blockquote>\n<blockquote>\n<p>\u00ab\u00a0Le mercredi 11\u00a0avril\u00a02018, j\u2019ai eu le plaisir de passer deux heures au CPE de l\u2019avenue<br \/> Belmore. J\u2019ai beaucoup aim\u00e9 le temps que j\u2019ai pass\u00e9 avec les enfants et j\u2019avais la<br \/> chance d\u2019avoir le soutien de Shayne Zal (qui est le coordonnateur du b\u00e9n\u00e9volat<br \/> interg\u00e9n\u00e9rationnel). Il a gentiment pass\u00e9 les deux heures avec moi et les enfants. Gr\u00e2ce<br \/> \u00e0 son expertise et \u00e0 sa patience, j\u2019ai vu comment m\u2019occuper des petits et, surtout,<br \/> comment profiter de cette belle exp\u00e9rience.\u00a0\u00bb \u2013 B\u00e9n\u00e9vole depuis mars\u00a02018<\/p>\n<\/blockquote>\n<p>[\/et_pb_accordion_item][et_pb_accordion_item title=&#8221;Journ\u00e9e interg\u00e9n\u00e9rationnelle avec Extra Miles&#8221; _builder_version=&#8221;4.7.7&#8243; _module_preset=&#8221;default&#8221; body_quote_border_color=&#8221;#195176&#8243; open=&#8221;off&#8221;]<\/p>\n<p>Rencontre bas\u00e9e sur des activit\u00e9s et favorisant les \u00e9changes entre les g\u00e9n\u00e9rations, les liens communautaires, la collaboration, la compr\u00e9hension, le respect mutuel et le plaisir! (En 2012, le programme a remport\u00e9 le prix d\u2019excellence d\u2019Interg\u00e9n\u00e9rations Qu\u00e9bec dans la cat\u00e9gorie \u00ab\u00a0Continuit\u00e9\u00a0\u00bb.)<\/p>\n<ul>\n<ul>\n<li><strong>Brise-glace (cartes de conversation \u00ab\u00a0Pass\u00e9 et pr\u00e9sent\u00a0\u00bb et rencontres)<\/strong>\n<ul>\n<li>Les cartes \u00ab\u00a0Pass\u00e9 et pr\u00e9sent\u00a0\u00bb du programme Extra Miles servent \u00e0 lancer des conversations entre des personnes de tout \u00e2ge et de tous milieux. Voici un exemple\u00a0: on s\u00e9lectionne une carte o\u00f9 on peut lire \u00ab\u00a0Comment communiquais-tu\/communiques-tu?\u00a0\u00bb\n<ul>\n<li>La jeune personne demande \u00e0 la personne a\u00een\u00e9e\u00a0: \u00ab\u00a0Comment<br \/> communiquais-tu avec tes amis quand tu avais mon \u00e2ge?\u00a0\u00bb<\/li>\n<li>La personne a\u00een\u00e9e demande \u00e0 la jeune personne\u00a0: \u00ab\u00a0Comment<br \/> communiques-tu avec tes amis?\u00a0\u00bb<\/li>\n<\/ul>\n<\/li>\n<\/ul>\n<\/li>\n<li><strong>Speed dating\u00a0\u00bb r\u00e9invent\u00e9 (rotation d\u2019activit\u00e9s en petits groupes)<\/strong><\/li>\n<ul>\n<li>Les personnes a\u00een\u00e9es et les jeunes sont group\u00e9s par deux. Chaque table a<br \/> une activit\u00e9. Apr\u00e8s quelques minutes, la jeune personne se d\u00e9place vers<br \/> une autre table. Les jeunes et les personnes a\u00een\u00e9es ont du temps pour<br \/> apprendre \u00e0 se conna\u00eetre et des conversations plus personnelles.<\/li>\n<\/ul>\n<li><strong>M\u00e9ditation pleine conscience<\/strong><\/li>\n<li><strong>Partage d\u2019un repas<\/strong><\/li>\n<li><strong>Activit\u00e9 cr\u00e9ative<\/strong><\/li>\n<ul>\n<li>Id\u00e9es\u00a0: Partager une chanson, un po\u00e8me ou une histoire; cr\u00e9er une \u0153uvre<br \/> d\u2019art ensemble, etc.<\/li>\n<\/ul>\n<\/ul>\n<\/ul>\n<p>Les activit\u00e9s ci-dessus peuvent \u00eatre adapt\u00e9es aux rencontres en ligne ou aux<br \/> conversations t\u00e9l\u00e9phoniques. Communiquez avec WIN pour discuter de vos id\u00e9es!<\/p>\n<p><strong>Observation\u00a0:<\/strong> Au cours de la journ\u00e9e interg\u00e9n\u00e9rationnelle d\u2019Extra Miles, une<br \/> enseignante a remarqu\u00e9\u00a0: \u00ab\u00a0C\u2019est agr\u00e9able de voir mes \u00e9l\u00e8ves \u00e9changer avec autant de<br \/> compassion. Quand nous serons de retour en classe, je ne les aborderai pas de la<br \/> m\u00eame fa\u00e7on qu\u2019avant.\u00a0\u00bb<\/p>\n<p><img decoding=\"async\" src=\"https:\/\/winmontreal.org\/wp-content\/uploads\/Extra-Miles-2016-1-300x200.jpg\" \/><\/p>\n<p>[\/et_pb_accordion_item][et_pb_accordion_item title=&#8221;CAANDG&#8221; _builder_version=&#8221;4.7.7&#8243; _module_preset=&#8221;default&#8221; body_quote_border_color=&#8221;#195176&#8243; open=&#8221;off&#8221;]<\/p>\n<p>Visites mensuelles r\u00e9guli\u00e8res des \u00e9l\u00e8ves rencontr\u00e9s lors de la Journ\u00e9e interg\u00e9n\u00e9rationnelle avec Extra Miles. Les jeunes et les personnes a\u00een\u00e9es ont \u00e9chang\u00e9 avec des conversations \u00ab\u00a0Pass\u00e9 et pr\u00e9sent\u00a0\u00bb et des jeux.<\/p>\n<p><img loading=\"lazy\" decoding=\"async\" class=\"wp-image-49503 alignnone size-medium\" src=\"https:\/\/winmontreal.org\/wp-content\/uploads\/FullSizeRender_7-copy-300x127.jpg\" alt=\"\" width=\"300\" height=\"127\" srcset=\"http:\/\/winmontreal.org\/wp-content\/uploads\/FullSizeRender_7-copy-300x127.jpg 300w, http:\/\/winmontreal.org\/wp-content\/uploads\/FullSizeRender_7-copy-1024x433.jpg 1024w, http:\/\/winmontreal.org\/wp-content\/uploads\/FullSizeRender_7-copy-768x325.jpg 768w, http:\/\/winmontreal.org\/wp-content\/uploads\/FullSizeRender_7-copy-1536x650.jpg 1536w, http:\/\/winmontreal.org\/wp-content\/uploads\/FullSizeRender_7-copy-1080x457.jpg 1080w, http:\/\/winmontreal.org\/wp-content\/uploads\/FullSizeRender_7-copy-1280x542.jpg 1280w, http:\/\/winmontreal.org\/wp-content\/uploads\/FullSizeRender_7-copy-980x415.jpg 980w, http:\/\/winmontreal.org\/wp-content\/uploads\/FullSizeRender_7-copy-480x203.jpg 480w, http:\/\/winmontreal.org\/wp-content\/uploads\/FullSizeRender_7-copy.jpg 2000w\" sizes=\"(max-width: 300px) 100vw, 300px\" \/><\/p>\n<p>[\/et_pb_accordion_item][et_pb_accordion_item title=&#8221;Gestes d\u2019amiti\u00e9 interg\u00e9n\u00e9rationnelle et l\u2019effet domino&#8221; _builder_version=&#8221;4.7.7&#8243; _module_preset=&#8221;default&#8221; body_quote_border_color=&#8221;#195176&#8243; open=&#8221;off&#8221;]<\/p>\n<p><strong>Gestes d\u2019amiti\u00e9 interg\u00e9n\u00e9rationnelle et l\u2019effet domino \u2013 avec Extra Miles, \u00e0 l\u2019occasion de la Journ\u00e9e nationale des a\u00een\u00e9s, le 1 er \u00a0octobre\u00a02018<\/strong> (En 2019, le programme a remport\u00e9 le prix d\u2019excellence d\u2019Interg\u00e9n\u00e9rations Qu\u00e9bec dans la cat\u00e9gorie \u00ab\u00a0Activit\u00e9s litt\u00e9raires\u00a0\u00bb.)<\/p>\n<ul>\n<li>Des cartes pr\u00e9par\u00e9es pas les \u00e9l\u00e8ves des \u00e9coles <a href=\"http:\/\/www.royalwestacademy.com\/\" target=\"_blank\" rel=\"noopener noreferrer\">Royal West Academy<\/a> et <a href=\"https:\/\/hampstead.emsb.qc.ca\/hampstead\" target=\"_blank\" rel=\"noopener noreferrer\">Hampstead Elementary School<\/a> ont \u00e9t\u00e9 remises \u00e0 24\u00a0participants et participantes du Programme de jour du CAANDG, \u00e0 64\u00a0clients de la popote roulante du Centre Espoir Nouveau et \u00e0 16\u00a0clients de la popote roulante de Montr\u00e9al-Ouest. Le programme Extra Miles a collabor\u00e9 avec Jagdeep Trehin, animateur de vie spirituelle et d\u2019engagement communautaire de la <a href=\"https:\/\/www.emsb.qc.ca\/\" target=\"_blank\" rel=\"noopener noreferrer\">Commission scolaire English-Montr\u00e9al<\/a> et les organismes communautaires nomm\u00e9s ci-dessus, qui ont invit\u00e9 leurs b\u00e9n\u00e9voles \u00e0 faire la livraison des cartes. Les destinataires \u00e9taient touch\u00e9s par ce geste. L\u2019une d\u2019elles a dit \u00eatre \u00ab\u00a0contente que les jeunes pensent aux personnes a\u00een\u00e9es et essaient de nous comprendre.\u00a0\u00bb<\/li>\n<li>Un effet domino a d\u00e9coul\u00e9 de l\u2019initiative des cartes lors de la Journ\u00e9e nationale<br \/> des a\u00een\u00e9s\u00a0:\n<ul>\n<li>La personne responsable de la coordination de la popote roulante pour le Centre Espoir Nouveau a donn\u00e9 une pr\u00e9sentation \u00e0 l\u2019\u00e9cole Hampstead Elementary School.<\/li>\n<li>Les \u00e9l\u00e8ves de l\u2019\u00e9cole Hampstead Elementary School ont cr\u00e9\u00e9 des cartes des F\u00eates pour les ajouter aux repas de la popote roulante en d\u00e9cembre.<\/li>\n<li>Des personnes a\u00een\u00e9es et des jeunes ont dit vouloir correspondre r\u00e9guli\u00e8rement.<\/li>\n<li>Des \u00e9l\u00e8ves de Hampstead se sont rendus au Centre Espoir Nouveau pour le repas de midi et une partie de bingo dans le cadre du programme de jour du lundi. \u00c0 leur retour \u00e0 l\u2019\u00e9cole, les \u00e9l\u00e8ves de cette classe \u00e9taient si enthousiastes \u00e0 propos de leur exp\u00e9rience que trois autres classes ont voulu participer \u00e0 ces \u00e9changes.<\/li>\n<li>Trois autres classes ont rendu visite \u00e0 la popote roulante du Centre Espoir Nouveau.<\/li>\n<li>Des \u00e9l\u00e8ves de Hampstead ont pr\u00e9par\u00e9 des cartes pour souhaiter un bon \u00e9t\u00e9 aux clients de la popote roulante.<\/li>\n<\/ul>\n<\/li>\n<\/ul>\n<p><a href=\"https:\/\/www.lapresse.ca\/affaires\/tetes-daffiche\/201905\/31\/01-5228263-projets-intergenerationnels-honores.php\" target=\"_blank\" rel=\"noopener noreferrer\">Apprenez-en davantage au sujet de l\u2019effet domino du programme dans La Presse.<\/a><\/p>\n<p>[\/et_pb_accordion_item][et_pb_accordion_item title=&#8221;Apr\u00e8s-midi dansant \u00e0 l\u2019occasion de la Journ\u00e9e internationale des personnes \u00e2g\u00e9es (2019)&#8221; _builder_version=&#8221;4.7.7&#8243; _module_preset=&#8221;default&#8221; body_quote_border_color=&#8221;#195176&#8243; open=&#8221;off&#8221;]<\/p>\n<p><img loading=\"lazy\" decoding=\"async\" class=\"wp-image-49529 alignnone size-medium\" style=\"float: right;\" src=\"https:\/\/winmontreal.org\/wp-content\/uploads\/Afternoon-Dance-EM-2-300x225.jpg\" alt=\"\" width=\"300\" height=\"225\" srcset=\"http:\/\/winmontreal.org\/wp-content\/uploads\/Afternoon-Dance-EM-2-300x225.jpg 300w, http:\/\/winmontreal.org\/wp-content\/uploads\/Afternoon-Dance-EM-2-768x575.jpg 768w, http:\/\/winmontreal.org\/wp-content\/uploads\/Afternoon-Dance-EM-2-510x382.jpg 510w, http:\/\/winmontreal.org\/wp-content\/uploads\/Afternoon-Dance-EM-2-480x360.jpg 480w, http:\/\/winmontreal.org\/wp-content\/uploads\/Afternoon-Dance-EM-2.jpg 853w\" sizes=\"(max-width: 300px) 100vw, 300px\" \/>WIN \u00e9tait responsable de l\u2019aspect interg\u00e9n\u00e9rationnel de l\u2019\u00e9v\u00e9nement, qui \u00e9tait commandit\u00e9 par le Conseil des a\u00een\u00e9es et des a\u00een\u00e9s de N.D.G. et organis\u00e9 en collaboration avec West-End Seniors Table, le programme de visites Extra Miles de l\u2019\u00c9glise unie de Montr\u00e9al-Ouest, WIN et ses partenaires. Des \u00e9l\u00e8ves de l\u2019\u00e9cole primaire Edinburgh, guid\u00e9s par Jagdeep Trehin, animateur de vie spirituelle et d\u2019engagement communautaire de la Commission scolaire English-Montr\u00e9al, ont aid\u00e9 les b\u00e9n\u00e9voles \u00e0 servir et ont dans\u00e9, ont dit des gentillesses et apport\u00e9 des cartes \u00e0 toutes les personnes a\u00een\u00e9es de la collectivit\u00e9 qui \u00e9taient pr\u00e9sentes. Le tout s\u2019est d\u00e9roul\u00e9 avec la musique du groupe <strong>Fabulous Flashbacks<\/strong>. M.\u00a0DeAngelis, un agent de police r\u00e9sidant dans le quartier, a improvis\u00e9 une danse en ligne. Alors que l\u2019\u00e9v\u00e9nement tirait \u00e0 sa fin, nous avons vu un des participants sourire tendrement en regardant sa carte et la glisser soigneusement dans la poche de son veston. Les invit\u00e9s et invit\u00e9es, tout autant que les b\u00e9n\u00e9voles, ont tr\u00e8s h\u00e2te au prochain apr\u00e8s-midi dansant.<\/p>\n<p>[\/et_pb_accordion_item][et_pb_accordion_item title=&#8221;Partie de th\u00e9 au CPE, juin 2019&#8243; _builder_version=&#8221;4.7.7&#8243; _module_preset=&#8221;default&#8221; body_quote_border_color=&#8221;#195176&#8243; open=&#8221;off&#8221;]<\/p>\n<p>Pour c\u00e9l\u00e9brer la \u00ab\u00a0Semaine des CPE\u00a0\u00bb et la \u00ab\u00a0Journ\u00e9e qu\u00e9b\u00e9coise l\u2019amiti\u00e9 n\u2019a pas d\u2019\u00e2ge\u00a0\u00bb ainsi qu\u2019honorer les personnes a\u00een\u00e9es de leur collectivit\u00e9, le CPE Les P\u2019tits Profs a organis\u00e9 dans sa cour un <strong>th\u00e9 d\u2019appr\u00e9ciation des personnes a\u00een\u00e9es.<\/strong><\/p>\n<p>Un couple qui a particip\u00e9 \u00e0 la journ\u00e9e a \u00e9crit un courriel de remerciements au CPE\u00a0: \u00ab\u00a0Je voulais vous dire \u00e0 quel point ma femme et moi avons aim\u00e9 participer \u00e0 la partie de th\u00e9 de votre CPE. Nous \u00e9tions reconnaissants de tout le travail et la pr\u00e9paration que vous avez faits. Ma femme et moi n\u2019avons pas d\u2019enfants ni de petits-enfants. C\u2019\u00e9tait donc bien sp\u00e9cial pour nous de voir autant de tout-petits en m\u00eame temps. La quantit\u00e9 d\u2019attention qu\u2019on leur donne nous a bien \u00e9tonn\u00e9s! C\u2019est ce que la journ\u00e9e interg\u00e9n\u00e9rationnelle nous a apport\u00e9.\u00a0\u00bb<\/p>\n<p><img loading=\"lazy\" decoding=\"async\" class=\"wp-image-49532 alignnone size-medium\" src=\"https:\/\/winmontreal.org\/wp-content\/uploads\/CPE-Ptits-Profs-2019-Tea-Party-2-1-300x200.jpg\" alt=\"\" width=\"300\" height=\"200\" srcset=\"http:\/\/winmontreal.org\/wp-content\/uploads\/CPE-Ptits-Profs-2019-Tea-Party-2-1-300x200.jpg 300w, http:\/\/winmontreal.org\/wp-content\/uploads\/CPE-Ptits-Profs-2019-Tea-Party-2-1-1024x682.jpg 1024w, http:\/\/winmontreal.org\/wp-content\/uploads\/CPE-Ptits-Profs-2019-Tea-Party-2-1-768x511.jpg 768w, http:\/\/winmontreal.org\/wp-content\/uploads\/CPE-Ptits-Profs-2019-Tea-Party-2-1-1080x719.jpg 1080w, http:\/\/winmontreal.org\/wp-content\/uploads\/CPE-Ptits-Profs-2019-Tea-Party-2-1-1280x852.jpg 1280w, http:\/\/winmontreal.org\/wp-content\/uploads\/CPE-Ptits-Profs-2019-Tea-Party-2-1-980x652.jpg 980w, http:\/\/winmontreal.org\/wp-content\/uploads\/CPE-Ptits-Profs-2019-Tea-Party-2-1-480x320.jpg 480w, http:\/\/winmontreal.org\/wp-content\/uploads\/CPE-Ptits-Profs-2019-Tea-Party-2-1.jpg 1400w\" sizes=\"(max-width: 300px) 100vw, 300px\" \/><\/p>\n<p>&nbsp;<\/p>\n<p>[\/et_pb_accordion_item][et_pb_accordion_item title=&#8221;Marche pour l\u2019environnement&#8221; _builder_version=&#8221;4.7.7&#8243; _module_preset=&#8221;default&#8221; body_quote_border_color=&#8221;#195176&#8243; open=&#8221;off&#8221;]<\/p>\n<p>WIN s\u2019est joint \u00e0 Mark Medicoff, repr\u00e9sentant de la facult\u00e9 aupr\u00e8s du groupe \u00e9tudiant <strong>Sustainable Concordia<\/strong> pour mobiliser les personnes a\u00een\u00e9es\u00a0: Elders for Climate March!\/Les a\u00een\u00e9-es \u00e0 la marche pour le climat!<\/p>\n<p>[\/et_pb_accordion_item][et_pb_accordion_item title=&#8221;Club 50+ de Montr\u00e9al-Ouest et groupe de leadership de l\u2019\u00e9cole Edinburgh&#8221; _builder_version=&#8221;4.7.7&#8243; _module_preset=&#8221;default&#8221; body_quote_border_color=&#8221;#195176&#8243; open=&#8221;off&#8221;]<\/p>\n<p>Club\u00a050+ de Montr\u00e9al-Ouest et groupe de leadership de l\u2019\u00e9cole Edinburgh (organis\u00e9 par le programme de visites Extra Miles pour les personnes a\u00een\u00e9es et WIN)\u00a0:<\/p>\n<p>Le groupe de leadership de l\u2019\u00e9cole primaire Edinburgh s\u2019est joint au Club\u00a050+ de Montr\u00e9al-Ouest pour des repas de f\u00eate, y compris l\u2019Halloween, un repas des F\u00eates en d\u00e9cembre, la Saint-Valentin, la Saint-Patrick et la f\u00eate des M\u00e8res. Lors de chacun de ces repas du midi, les \u00e9l\u00e8ves venaient en aide \u00e0 Marian Scully pour accueillir les membres et servir les repas. Les jeunes se joignaient ensuite aux membres pour le repas et la conversation. Les \u00e9l\u00e8ves ont \u00e9galement pr\u00e9par\u00e9 une activit\u00e9 pour chacune de ces occasions. Par exemple, pour la Saint-Patrick, il s\u2019agissait d\u2019un jeu-questionnaire. Tout au long de l\u2019ann\u00e9e scolaire, les \u00e9l\u00e8ves et les personnes a\u00een\u00e9es ont appris \u00e0 se conna\u00eetre et avaient h\u00e2te \u00e0 leur rencontre suivante.<\/p>\n<p>[\/et_pb_accordion_item][et_pb_accordion_item title=&#8221;Cyber seniors&#8221; _builder_version=&#8221;4.7.7&#8243; _module_preset=&#8221;default&#8221; body_quote_border_color=&#8221;#195176&#8243; open=&#8221;off&#8221;]<\/p>\n<p><strong>Cyber seniors<\/strong> (CSEM\/JFK, REISA, WIN) Cyber Seniors\/personnes a\u00een\u00e9es du centre Almage\u00a050+ et \u00e9l\u00e8ves de 5 e \u00a0secondaire de l\u2019\u00e9cole John F. Kennedy. (Programme soutenu par REISA, Samantha Smith, animatrice de vie spirituelle et d\u2019engagement communautaire de la CSEM, et WIN.) (Photos\u00a0: REISA.)<\/p>\n<ul>\n<li>Ce programme apparie des \u00e9l\u00e8ves de 5 e \u00a0secondaire avec des personnes a\u00een\u00e9es qui veulent apprendre \u00e0 mieux communiquer dans le monde d\u2019aujourd\u2019hui.<\/li>\n<li>Le programme favorise le dialogue et les liens d\u2019amiti\u00e9 interg\u00e9n\u00e9rationnels.<\/li>\n<\/ul>\n<p><img loading=\"lazy\" decoding=\"async\" class=\"wp-image-49534 alignnone size-medium\" src=\"https:\/\/winmontreal.org\/wp-content\/uploads\/Cyber-Seniors-EMSB-JFK-_-Almage-with-REISA-IMG_20191126_141554-300x225.jpg\" alt=\"\" width=\"300\" height=\"225\" srcset=\"http:\/\/winmontreal.org\/wp-content\/uploads\/Cyber-Seniors-EMSB-JFK-_-Almage-with-REISA-IMG_20191126_141554-300x225.jpg 300w, http:\/\/winmontreal.org\/wp-content\/uploads\/Cyber-Seniors-EMSB-JFK-_-Almage-with-REISA-IMG_20191126_141554-1024x768.jpg 1024w, http:\/\/winmontreal.org\/wp-content\/uploads\/Cyber-Seniors-EMSB-JFK-_-Almage-with-REISA-IMG_20191126_141554-768x576.jpg 768w, http:\/\/winmontreal.org\/wp-content\/uploads\/Cyber-Seniors-EMSB-JFK-_-Almage-with-REISA-IMG_20191126_141554-510x382.jpg 510w, http:\/\/winmontreal.org\/wp-content\/uploads\/Cyber-Seniors-EMSB-JFK-_-Almage-with-REISA-IMG_20191126_141554-1080x810.jpg 1080w, http:\/\/winmontreal.org\/wp-content\/uploads\/Cyber-Seniors-EMSB-JFK-_-Almage-with-REISA-IMG_20191126_141554-980x735.jpg 980w, http:\/\/winmontreal.org\/wp-content\/uploads\/Cyber-Seniors-EMSB-JFK-_-Almage-with-REISA-IMG_20191126_141554-480x360.jpg 480w, http:\/\/winmontreal.org\/wp-content\/uploads\/Cyber-Seniors-EMSB-JFK-_-Almage-with-REISA-IMG_20191126_141554.jpg 1107w\" sizes=\"(max-width: 300px) 100vw, 300px\" \/><\/p>\n<p>[\/et_pb_accordion_item][et_pb_accordion_item title=&#8221;Lundis avec les r\u00e9sidents de Montclair &#8221; _builder_version=&#8221;4.7.7&#8243; _module_preset=&#8221;default&#8221; body_quote_border_color=&#8221;#195176&#8243; open=&#8221;off&#8221;]<\/p>\n<p>Au cours de l\u2019ann\u00e9e scolaire\u00a02019-2020 (jusqu\u2019en mars), les classes de maternelle de l\u2019\u00c9cole Saint Monica ont march\u00e9 jusqu\u2019\u00e0 la r\u00e9sidence Montclair avec leur enseignante et leur animatrice de vie spirituelle et d\u2019engagement communautaire, Samantha Smith. Les enfants ont diverti les personnes a\u00een\u00e9es avec des chansons, puis les ont rejointes pour leur montrer et lire leurs livres pr\u00e9f\u00e9r\u00e9s. Ces activit\u00e9s \u00e9taient suivies d\u2019un atelier de cr\u00e9ation artisanale suivant le th\u00e8me du mois. Les moments partag\u00e9s \u00e9taient remplis de tendresse et de sourires.<\/p>\n<p>[\/et_pb_accordion_item][\/et_pb_accordion][\/et_pb_column][\/et_pb_row][\/et_pb_section][et_pb_section fb_built=&#8221;1&#8243; disabled_on=&#8221;off|off|off&#8221; admin_label=&#8221;FIXES MOBILE MENU &#8211; DO NOT DELETE&#8221; module_class=&#8221;MobileMenuFix&#8221; _builder_version=&#8221;4.7.0&#8243; background_enable_color=&#8221;off&#8221; background_enable_image=&#8221;off&#8221; background_enable_video_mp4=&#8221;off&#8221; custom_padding=&#8221;5%||5%||true|false&#8221; custom_css_after=&#8221;content: &#8221;;|| display: block;|| position: absolute;|| left: 0;|| right: 0;|| top: 0;|| bottom: 0;|| background: rgba(0, 0, 0, .1);|| background-image: radial-gradient(black 5%, transparent 5%);|| background-size: 3px 3px;&#8221; divi_se_set=&#8221;vimeobg&#8221; divi_se_vimeobg_transform=&#8221;divi_se_vimeobg&#8221; divi_se_vimeobg_source=&#8221;youtube&#8221; divi_se_vimeobg_id=&#8221;YcwmP8zfwAQ&#8221; divi_se_vimeobg_width=&#8221;parallax&#8221; locked=&#8221;off&#8221; divi_se_youtube_preview=&#8221;no&#8221;][\/et_pb_section]<\/p>\n","protected":false},"excerpt":{"rendered":"<p>Programmes et activit\u00e9sDates importantes1 f\u00e9vrier La journ\u00e9e m\u2019enchante28 f\u00e9vrier Date limite pour le concours annuel d\u2019Interg\u00e9n\u00e9rations Qu\u00e9bec25 mai Journ\u00e9e qu\u00e9b\u00e9coise l\u2019amiti\u00e9 n\u2019a pas d\u2019\u00e2ge.23-29 mai Semaine Qu\u00e9b\u00e9coise interg\u00e9n\u00e9rationnelle1 juin Journ\u00e9e interg\u00e9n\u00e9rationnelle Canada12 septembre F\u00eate des grands-parents1 octobre Journ\u00e9e nationale des a\u00een\u00e9s1 octobre Journ\u00e9e internationale des personnes \u00e2g\u00e9es (ONU)Conseils pour favoriser les liens interg\u00e9n\u00e9rationnelsCherchez-vous de l\u2019inspiration? [&hellip;]<\/p>\n","protected":false},"author":5,"featured_media":0,"parent":0,"menu_order":0,"comment_status":"closed","ping_status":"closed","template":"","meta":{"_et_pb_use_builder":"on","_et_pb_old_content":"<p>[et_pb_section fb_built=\"1\" _builder_version=\"4.7.0\" _module_preset=\"default\" background_image=\"http:\/\/winmontreal.org\/wp-content\/uploads\/iStock-1159638684-copy.jpg\" custom_padding=\"6%||6%||true|false\"][et_pb_row _builder_version=\"4.7.0\" _module_preset=\"default\"][et_pb_column type=\"4_4\" _builder_version=\"4.7.0\" _module_preset=\"default\"][et_pb_text _builder_version=\"4.7.0\" _module_preset=\"default\" header_font=\"|800||on|||||\" header_text_color=\"#ffffff\" header_font_size=\"70px\" header_line_height=\"1.1em\" animation_style=\"fade\" header_font_size_tablet=\"55px\" header_font_size_phone=\"40px\" header_font_size_last_edited=\"on|desktop\"]<\/p><h1 style=\"text-align: center;\">Programs & Activities<\/h1><p>[\/et_pb_text][\/et_pb_column][\/et_pb_row][\/et_pb_section][et_pb_section fb_built=\"1\" _builder_version=\"4.7.0\" background_enable_color=\"off\" custom_margin=\"||||false|false\" custom_padding=\"38px||||false|false\" locked=\"off\"][et_pb_row _builder_version=\"4.7.0\" _module_preset=\"default\" custom_padding=\"||0px|||\"][et_pb_column type=\"4_4\" _builder_version=\"4.7.0\" _module_preset=\"default\"][et_pb_text _builder_version=\"4.7.0\" text_font=\"|700|||||||\" text_text_color=\"#333333\" text_font_size=\"26px\" custom_margin=\"||15px||false|false\" custom_padding=\"||||false|false\" hover_enabled=\"0\" text_line_height_tablet=\"\" text_line_height_phone=\"1.2em\" text_line_height_last_edited=\"on|desktop\" text_text_align=\"left\" sticky_enabled=\"0\"]<\/p><p>Important Dates<\/p><p>[\/et_pb_text][et_pb_divider color=\"#ff9015\" divider_weight=\"6px\" _builder_version=\"4.7.0\" width=\"80px\" custom_padding=\"||||false|false\"][\/et_pb_divider][\/et_pb_column][\/et_pb_row][et_pb_row column_structure=\"1_4,1_4,1_4,1_4\" _builder_version=\"4.7.0\" _module_preset=\"default\" custom_padding=\"2%||2%||true|false\"][et_pb_column type=\"1_4\" _builder_version=\"4.7.0\" _module_preset=\"default\"][et_pb_text _builder_version=\"4.7.0\" _module_preset=\"default\" header_font=\"|800|||||||\" header_text_color=\"#195176\" header_font_size=\"50px\" header_3_font=\"|800|||||||\" header_3_text_color=\"#195176\"]<\/p><h1 style=\"text-align: center;\">1<\/h1><h3 style=\"text-align: center;\">February<\/h3><p style=\"text-align: center;\"><a href=\"https:\/\/www.journeejoie.org\/\" target=\"_blank\" rel=\"noopener noreferrer\">La journ\u00e9e m\u2019enchante<\/a><\/p><p>[\/et_pb_text][\/et_pb_column][et_pb_column type=\"1_4\" _builder_version=\"4.7.0\" _module_preset=\"default\"][et_pb_text _builder_version=\"4.7.0\" _module_preset=\"default\" header_font=\"|800|||||||\" header_text_color=\"#195176\" header_font_size=\"50px\" header_3_font=\"|800|||||||\" header_3_text_color=\"#195176\"]<\/p><h1 style=\"text-align: center;\">28<\/h1><h3 style=\"text-align: center;\">February<\/h3><p style=\"text-align: center;\">deadline for <a href=\"https:\/\/www.intergenerationsquebec.org\/semaine-quebecoise-intergenerationelle\/#concours\" target=\"_blank\" rel=\"noopener noreferrer\">Interg\u00e9n\u00e9rations Qu\u00e9bec\u2019s annual contest<\/a><\/p><p>[\/et_pb_text][\/et_pb_column][et_pb_column type=\"1_4\" _builder_version=\"4.7.0\" _module_preset=\"default\"][et_pb_text _builder_version=\"4.7.0\" _module_preset=\"default\" header_font=\"|800|||||||\" header_text_color=\"#195176\" header_font_size=\"50px\" header_3_font=\"|800|||||||\" header_3_text_color=\"#195176\"]<\/p><h1 style=\"text-align: center;\">25<\/h1><h3 style=\"text-align: center;\">May<\/h3><p style=\"text-align: center;\"><a href=\"https:\/\/www.intergenerationsquebec.org\/semaine-quebecoise-intergenerationelle\/#sqi\" target=\"_blank\" rel=\"noopener noreferrer\">Journ\u00e9e qu\u00e9b\u00e9coise l\u2019amiti\u00e9 n\u2019a pas d\u2019\u00e2ge.<\/a><\/p><p>[\/et_pb_text][\/et_pb_column][et_pb_column type=\"1_4\" _builder_version=\"4.7.0\" _module_preset=\"default\"][et_pb_text _builder_version=\"4.7.0\" _module_preset=\"default\" header_font=\"|800|||||||\" header_text_color=\"#195176\" header_font_size=\"50px\" header_3_font=\"|800|||||||\" header_3_text_color=\"#195176\"]<\/p><h1 style=\"text-align: center;\">23-29<\/h1><h3 style=\"text-align: center;\">May<\/h3><p style=\"text-align: center;\"><a href=\"https:\/\/www.intergenerationsquebec.org\/semaine-quebecoise-intergenerationelle\/#sqi\" target=\"_blank\" rel=\"noopener noreferrer\">Semaine Qu\u00e9b\u00e9coise interg\u00e9n\u00e9rationnelle<\/a><\/p><p>[\/et_pb_text][\/et_pb_column][\/et_pb_row][et_pb_row column_structure=\"1_4,1_4,1_4,1_4\" _builder_version=\"4.7.0\" _module_preset=\"default\" custom_padding=\"2%||2%||true|false\"][et_pb_column type=\"1_4\" _builder_version=\"4.7.0\" _module_preset=\"default\"][et_pb_text _builder_version=\"4.7.0\" _module_preset=\"default\" header_font=\"|800|||||||\" header_text_color=\"#195176\" header_font_size=\"50px\" header_3_font=\"|800|||||||\" header_3_text_color=\"#195176\"]<\/p><h1 style=\"text-align: center;\">1<\/h1><h3 style=\"text-align: center;\">June<\/h3><p style=\"text-align: center;\"><a href=\"http:\/\/intergenerational.ca\/i2i\/ig-day\/\" target=\"_blank\" rel=\"noopener noreferrer\">Intergenerational Day Canada<\/a><\/p><p>[\/et_pb_text][\/et_pb_column][et_pb_column type=\"1_4\" _builder_version=\"4.7.0\" _module_preset=\"default\"][et_pb_text _builder_version=\"4.7.0\" _module_preset=\"default\" header_font=\"|800|||||||\" header_text_color=\"#195176\" header_font_size=\"50px\" header_3_font=\"|800|||||||\" header_3_text_color=\"#195176\"]<\/p><h1 style=\"text-align: center;\">12<\/h1><h3 style=\"text-align: center;\">September<\/h3><p style=\"text-align: center;\"><a href=\"https:\/\/grandparentsday.org\/\" target=\"_blank\" rel=\"noopener noreferrer\">Grandparents Day<\/a><\/p><p>[\/et_pb_text][\/et_pb_column][et_pb_column type=\"1_4\" _builder_version=\"4.7.0\" _module_preset=\"default\"][et_pb_text _builder_version=\"4.7.0\" _module_preset=\"default\" header_font=\"|800|||||||\" header_text_color=\"#195176\" header_font_size=\"50px\" header_3_font=\"|800|||||||\" header_3_text_color=\"#195176\"]<\/p><h1 style=\"text-align: center;\">1<\/h1><h3 style=\"text-align: center;\">October<\/h3><p style=\"text-align: center;\"><a href=\"https:\/\/www.canada.ca\/en\/employment-social-development\/campaigns\/national-seniors-day.html\" target=\"_blank\" rel=\"noopener noreferrer\">National Seniors Day<\/a><\/p><p>[\/et_pb_text][\/et_pb_column][et_pb_column type=\"1_4\" _builder_version=\"4.7.0\" _module_preset=\"default\"][et_pb_text _builder_version=\"4.7.0\" _module_preset=\"default\" header_font=\"|800|||||||\" header_text_color=\"#195176\" header_font_size=\"50px\" header_3_font=\"|800|||||||\" header_3_text_color=\"#195176\"]<\/p><h1 style=\"text-align: center;\">1<\/h1><h3 style=\"text-align: center;\">October<\/h3><p style=\"text-align: center;\"><a href=\"https:\/\/www.un.org\/development\/desa\/ageing\/international-day-of-older-persons-homepage.html\" target=\"_blank\" rel=\"noopener noreferrer\">UN International Day of Older Persons<\/a><\/p><p>[\/et_pb_text][\/et_pb_column][\/et_pb_row][\/et_pb_section][et_pb_section fb_built=\"1\" _builder_version=\"4.7.0\" background_color=\"#f8f9f9\" custom_margin=\"||||false|false\" custom_padding=\"||0px||false|false\" animation_style=\"fade\" locked=\"off\"][et_pb_row column_structure=\"2_3,1_3\" _builder_version=\"4.7.0\" _module_preset=\"default\" custom_padding=\"||0px|||\"][et_pb_column type=\"2_3\" _builder_version=\"4.7.0\" _module_preset=\"default\"][et_pb_text _builder_version=\"4.7.0\" text_font=\"|700|||||||\" text_text_color=\"#333333\" text_font_size=\"26px\" custom_margin=\"||15px||false|false\" custom_padding=\"||||false|false\" text_line_height_tablet=\"\" text_line_height_phone=\"1.2em\" text_line_height_last_edited=\"on|desktop\" text_text_align=\"left\"]<\/p><p style=\"text-align: left;\">Tips for fostering intergenerational connections<\/p><p>[\/et_pb_text][et_pb_divider color=\"#ff9015\" divider_weight=\"6px\" _builder_version=\"4.7.0\" width=\"80px\" module_alignment=\"left\" custom_margin=\"||10px||false|false\" custom_padding=\"||0px||false|false\"][\/et_pb_divider][et_pb_text _builder_version=\"4.7.0\" _module_preset=\"default\" custom_margin=\"-2px|||||\"]<\/p><p style=\"text-align: left;\"><strong>Looking for WINspiration?<\/strong> What are you already doing that you can do differently to incorporate an intergenerational component?<\/p><p style=\"text-align: left;\"><strong>Here are some general tips for fostering intergenerational connections in your events:<\/strong><\/p><ul><li style=\"text-align: left;\">Share knowledge and skills across generations (workshops, lectures)<\/li><li style=\"text-align: left;\">Unite generations in shared interests (book clubs, nature walks, etc.)<\/li><li style=\"text-align: left;\">Co-create arts and crafts (visual, written and dramatic arts)<\/li><li style=\"text-align: left;\">Sharing life experiences through artistic expression (story-telling, etc.)<\/li><li style=\"text-align: left;\">Learn a new skill together (gardening, cooking, pottery, etc.)<\/li><li style=\"text-align: left;\">Shared experiences (tea party, \u201cThen and Now questions\u201d, milestone celebrations, etc.)<\/li><\/ul><p>[\/et_pb_text][\/et_pb_column][et_pb_column type=\"1_3\" _builder_version=\"4.7.0\" _module_preset=\"default\"][et_pb_image src=\"http:\/\/winmontreal.org\/wp-content\/uploads\/iStock-971388782-1.jpg\" title_text=\"iStock-971388782 (1)\" _builder_version=\"4.7.0\" _module_preset=\"default\"][\/et_pb_image][\/et_pb_column][\/et_pb_row][et_pb_row column_structure=\"1_3,2_3\" _builder_version=\"4.7.0\" _module_preset=\"default\" custom_padding=\"||50px||false|false\"][et_pb_column type=\"1_3\" _builder_version=\"4.7.0\" _module_preset=\"default\"][et_pb_video src=\"https:\/\/www.youtube.com\/watch?v=SFKet7Rw2H8\" _builder_version=\"4.7.0\" _module_preset=\"default\"][\/et_pb_video][\/et_pb_column][et_pb_column type=\"2_3\" _builder_version=\"4.7.0\" _module_preset=\"default\"][et_pb_text _builder_version=\"4.7.0\" text_font=\"|700|||||||\" text_text_color=\"#333333\" text_font_size=\"26px\" custom_margin=\"||15px||false|false\" custom_padding=\"||||false|false\" text_line_height_tablet=\"\" text_line_height_phone=\"1.2em\" text_line_height_last_edited=\"on|desktop\" text_text_align=\"left\"]<\/p><p style=\"text-align: left;\">Here are some examples to inspire you:<\/p><p>[\/et_pb_text][et_pb_divider color=\"#ff9015\" divider_weight=\"6px\" _builder_version=\"4.7.0\" width=\"80px\" module_alignment=\"left\" custom_margin=\"||10px||false|false\" custom_padding=\"||0px||false|false\"][\/et_pb_divider][et_pb_text _builder_version=\"4.7.0\" _module_preset=\"default\" custom_margin=\"-2px|||||\"]<\/p><ul><li><a href=\"https:\/\/www.youtube.com\/watch?v=SFKet7Rw2H8\" target=\"_blank\" rel=\"noopener noreferrer\">Flashmob<\/a> (Interg\u00e9n\u00e9rations Qu\u00e9bec)<\/li><li><a href=\"https:\/\/www.youtube.com\/watch?v=2ov1Ue_vWoU\" target=\"_blank\" rel=\"noopener noreferrer\">Cyber Seniors<\/a> - Sienna Senior Living - Be inspired by an unforgettable journey<\/li><li><a href=\"https:\/\/www.youtube.com\/watch?v=jp400M3xsn4\" target=\"_blank\" rel=\"noopener noreferrer\">School visiting program<\/a> \/ Senior Centre or Senior Residence Visiting program (SKIP brings children and seniors together to enhance the lives of each.)<\/li><li><a href=\"https:\/\/www.cbc.ca\/radio\/sunday\/air-strikes-in-syria-new-bq-leader-vigilantism-intergenerational-choir-1.4053578\/the-intergenerational-choir-bringing-teens-and-people-with-alzheimer-s-together-1.4058288#:~:text=The%20Intergenerational%20Choir%20was%20the,road%2C%20for%20their%20magnificent%20chapel.&text=A%20remarkable%20choir%20was%20born.\" target=\"_blank\" rel=\"noopener noreferrer\">Linking Generations through Song<\/a>, example of teenagers, people affected by Alzheimer\u2019s and nun\u2019s inclusive intergenerational singing choir (Alzheimer Society London and Middlesex, Medway Highschool and Sisters of St. Joseph)<\/li><li>Check out WIN\u2019s <a href=\"\/blog\/\">Blog<\/a>, <a href=\"https:\/\/www.facebook.com\/intergenerationsWIN\" target=\"_blank\" rel=\"noopener noreferrer\">Facebook<\/a>, and <a href=\"https:\/\/www.instagram.com\/winmontreal\/\" target=\"_blank\" rel=\"noopener noreferrer\">Instagram<\/a> pages.<\/li><\/ul><p>[\/et_pb_text][\/et_pb_column][\/et_pb_row][\/et_pb_section][et_pb_section fb_built=\"1\" custom_padding_last_edited=\"on|phone\" _builder_version=\"4.7.0\" background_color=\"#195176\" background_enable_image=\"off\" custom_margin=\"|0px||0px|false|true\" custom_padding=\"3%|0px|3%|0px|true|true\" custom_padding_tablet=\"\" custom_padding_phone=\"8%|0px|8%|0px|true|true\" locked=\"off\"][et_pb_row column_structure=\"1_5,3_5,1_5\" make_equal=\"on\" _builder_version=\"4.7.0\" _module_preset=\"default\" custom_padding=\"0px||0px||false|false\"][et_pb_column type=\"1_5\" module_class=\"vertical-align\" _builder_version=\"4.7.0\" _module_preset=\"default\"][\/et_pb_column][et_pb_column type=\"3_5\" module_class=\"vertical-align\" _builder_version=\"4.7.0\" _module_preset=\"default\"][et_pb_text _builder_version=\"4.7.0\" _module_preset=\"default\" text_text_color=\"#ffffff\" header_3_text_color=\"#ffffff\" header_3_font_size=\"40px\" custom_margin=\"||-2px|||\"]<\/p><h3 style=\"text-align: center;\"><strong>Local WINspirations<\/strong><\/h3><p>[\/et_pb_text][\/et_pb_column][et_pb_column type=\"1_5\" module_class=\"vertical-align\" _builder_version=\"4.7.0\" _module_preset=\"default\"][\/et_pb_column][\/et_pb_row][et_pb_row _builder_version=\"4.7.0\" _module_preset=\"default\"][et_pb_column type=\"4_4\" _builder_version=\"4.7.0\" _module_preset=\"default\"][et_pb_accordion _builder_version=\"4.7.0\" _module_preset=\"default\" toggle_font=\"|800|||||||\" hover_enabled=\"0\" sticky_enabled=\"0\"][et_pb_accordion_item title=\"engAGE\" open=\"on\" _builder_version=\"4.7.0\" _module_preset=\"default\"]<\/p><p><a href=\"https:\/\/www.concordia.ca\/research\/aging\/projects\/living-labs.html\" target=\"_blank\" rel=\"noopener noreferrer\">engAGE Living Lab Digital Era Response<\/a> (ELLDER)<\/p><p>[\/et_pb_accordion_item][et_pb_accordion_item title=\"Linking Generations through Song\" _builder_version=\"4.7.0\" _module_preset=\"default\" open=\"off\"]<\/p><p>Linking Generations through Song at <a href=\"http:\/\/agiteam.org\/\" target=\"_blank\" rel=\"noopener noreferrer\">AGI<\/a> is an inclusive intergenerational singing group facilitated by a certified music therapist for those affected by Alzheimer\u2019s or dementia, their care partner, as well as school-aged children and members from the community.<\/p><p>[\/et_pb_accordion_item][et_pb_accordion_item title=\"Linking Generations through Art\" _builder_version=\"4.7.0\" _module_preset=\"default\" open=\"off\"]<\/p><p>Linking Generations through Art the Drop In Program of Cummings Centre, partnered with the City of Cote St Luc Summer Camps 2019, to create a mural between Older Adult guests of the program and youth of the community. The goal of the project was to discuss similarities in summer likes and to foster relationships within the building & community. Over 65 older adults and 60 children were a part of this project.<\/p><p>[\/et_pb_accordion_item][et_pb_accordion_item title=\" Intergenerational Child Care Program\" _builder_version=\"4.7.0\" _module_preset=\"default\" body_quote_border_color=\"#195176\" open=\"off\"]<\/p><p>Facilitating connections for Seniors and young children \/ Seniors in the West-end began volunteering at the childcare center \u201cCPE Les P'tits Profs\u201d in October 2017.<\/p><p>Starting off as a class project, this initiative transformed into a community building program. Seniors in the West-end began volunteering at the childcare center \u201cCPE Les P'tits Profs\u201d in October 2017.<\/p><p>Quebec daycares and 'Centres de la Petite Enfances' (CPEs), suffered major budget cuts and many were in need of volunteers. Meanwhile, 1 in 3 people in the borough of NDG are over 65! Why not seize the opportunity and get Seniors engaged as volunteers at the childcare center, to provide support and reap the benefits of IG connections? <strong>The Older Adult volunteers had the flexibility to choose how they wanted to be involved (examples: help with meals, help during outdoor time, book reading\u2026) <\/strong><\/p><p><strong>Testimonials...<\/strong><\/p><blockquote><p>\"...you cannot imagine how well it is going with the Daycare - over the top. The bonding with the kids is immeasurable, everyone could not be nicer nor more welcoming....I look forward to every Tuesday. What a great opportunity to \u201crejuvenate\u201d! Matthew, my youngest grandchild, is 15 1\/2, so I no longer have little ones at my beck and call!!!\"<br \/><em>- Volunteer since October 2017<\/em><\/p><\/blockquote><blockquote><p>\"On Wednesday, the 11h of April, 2018, I had the pleasure of spending two (2) hours at the C.P.E. on Belmore....I thoroughly enjoyed my time with them and I was fortunate, indeed to have the support of Shayne Zal (the intergenerational volunteer coordinator). He kindly spent the two hours with me and the children. Thanks to his expertise and patience, I learned how to spend time with the young ones and how to benefit immensely from this experience.\"<br \/><em>- Volunteer since March 2018<\/em><\/p><\/blockquote><p>[\/et_pb_accordion_item][et_pb_accordion_item title=\" Intergenerational Day with Extra Miles\" _builder_version=\"4.7.0\" _module_preset=\"default\" body_quote_border_color=\"#195176\" open=\"off\"]<\/p><p>An activity based get-together encouraging the exchange of information between generations, fostering outreach, cooperation, understanding, mutual respect and fun. (2012 won Interg\u00e9n\u00e9rations Qu\u00e9bec\u2019s award in the \u201cContinuity\u201d category.)<\/p><ul><li><strong>Ice breakers<\/strong> (\u201cThen & Now\u201d conversation cards, meet and greet)<ul><li>Extra Miles\u2019 \u201cThen and Now\u201d cards are used to begin conversations between people of all ages and backgrounds. A card, \"How did you \/ do you communicate with others?\", is selected,<ul><li>Youth asks, \u201cOlder Adult, how did you communicate with others when you were my age\u201d?<\/li><li>Older Adult asks, \u201cYounger person, how do you communicate with others\u201d?<\/li><\/ul><\/li><\/ul><\/li><li><strong>\u201cSpeed dating\u201d with a twist (rotation of small group activities)<\/strong><ul><li>Visiting Seniors and youth are paired at different tables. Each table has an activity. Every few minutes the youth move to another table. Youth and Older Adults have more personal conversations and time to get to know each other.<\/li><\/ul><\/li><li><strong>Mindful meditation<\/strong><\/li><li><strong>Sharing a meal<\/strong><\/li><li><strong>Creative activity<\/strong><ul><li>Ideas: Share a song, poem or story, create a piece of art together etc..<\/li><\/ul><\/li><\/ul><p>Above activities can be adapted to virtual gatherings and or landline conversations. <a href=\"\/contact-us\/\">Contact WIN<\/a> to discuss ideas.<\/p><p><em><strong>Observation<\/strong> during Intergenerational Day with Extra Miles, Teacher remarked, \u201cIt is nice to see my students interacting so compassionately. I will be interacting with them differently when we go back to school\u201d.<\/em><\/p><p><em><img class=\"wp-image-49539 alignnone size-medium\" src=\"https:\/\/winmontreal.org\/wp-content\/uploads\/\/Extra-Miles-2016-1-300x200.jpg\" alt=\"\" width=\"300\" height=\"200\" \/><\/em><\/p><p>[\/et_pb_accordion_item][et_pb_accordion_item title=\"NDG SCC\" _builder_version=\"4.7.0\" _module_preset=\"default\" body_quote_border_color=\"#195176\" open=\"off\"]<\/p><p>Regular monthly visits with the students they met at Intergenerational Day with Extra Miles. They had \u201cThen and Now\u201d conversations and played games.<\/p><p><img class=\"wp-image-49504 alignnone size-medium\" src=\"https:\/\/winmontreal.org\/wp-content\/uploads\/\/FullSizeRender_7-copy-300x127.jpg\" alt=\"\" width=\"300\" height=\"127\" \/><\/p><p>[\/et_pb_accordion_item][et_pb_accordion_item title=\"Random Acts of Friendship and \u201cThe Ripple Effect\u201d\" _builder_version=\"4.7.0\" _module_preset=\"default\" body_quote_border_color=\"#195176\" open=\"off\"]<\/p><p>Random Acts of Friendship and \u201cThe Ripple Effect\u201d - with Extra Miles and in recognition of National Seniors Day, October 1, 2018 (2019, Winner Interg\u00e9n\u00e9rations Qu\u00e9bec\u2019s award in the \u201cLiterary\u201d category).<\/p><ul><li>Cards prepared by students from <a href=\"http:\/\/www.royalwestacademy.com\/\" target=\"_blank\" rel=\"noopener noreferrer\">Royal West Academy<\/a> and <a href=\"https:\/\/hampstead.emsb.qc.ca\/hampstead\" target=\"_blank\" rel=\"noopener noreferrer\">Hampstead Elementary School<\/a> were delivered to the NDG SCC Day Away Program participants (24), New Hope Senior Citizens\u2019 Centre Meals on Wheels (MOW) clients (64); and Montreal West Meals on Wheels clients (16). Extra Miles worked together with Jagdeep Trehin, Spiritual care, Guidance and Community Involvement Animator - <a href=\"https:\/\/www.emsb.qc.ca\/\" target=\"_blank\" rel=\"noopener noreferrer\">English Montreal School Board<\/a> and the above-mentioned community organizations who rallied their volunteers to deliver the cards. One recipient was touched and happy. She was \u201cpleased the youth were concerned about older adults and wanted to understand\u201d.<\/li><\/ul><p><strong>The ripple effect<\/strong>, as a result of the National Seniors Day card writing initiative :<\/p><ul><li>The New Hope Senior Citizens\u2019 Centre MOW coordinator gave a talk at Hampstead Elementary School about Meals on Wheels.<\/li><li>Hampstead Elementary students prepared and designed holiday cards to deliver with MOWs in December.<\/li><li>Seniors and students interested in being pen-pals.<\/li><li>Hampstead students visited New Hope Senior Citizens\u2019 Centre\u2019s Monday Day program for lunch and bingo. The class was so energized from the experience when they returned to school, another three classes wanted to participate in the exchange.<\/li><li>Three other classes visited the New Hope Meals on Wheels program.<\/li><li>Hampstead students prepared happy summer cards to be distributed through MOW.<\/li><\/ul><p><a href=\"https:\/\/www.lapresse.ca\/affaires\/tetes-daffiche\/201905\/31\/01-5228263-projets-intergenerationnels-honores.php\" target=\"_blank\" rel=\"noopener noreferrer\">Read more about the Ripple Effect Program in La Presse<\/a><\/p><p>[\/et_pb_accordion_item][et_pb_accordion_item title=\"Afternoon Dance in Celebration of International Day of Older Persons (2019)\" _builder_version=\"4.7.0\" _module_preset=\"default\" body_quote_border_color=\"#195176\" open=\"off\"]<\/p><p><img class=\"wp-image-49530 alignnone size-medium\" style=\"float: right;\" src=\"https:\/\/winmontreal.org\/wp-content\/uploads\/\/Afternoon-Dance-EM-2-300x225.jpg\" alt=\"\" width=\"300\" height=\"225\" \/>WIN brought the intergenerational component. Sponsored by the NDG Senior Citizens' Council in collaboration with the West-end Seniors Table, Montreal West United Church\u2019s Extra Miles Senior visiting program, WIN and WIN partners, students from Edinburg Elementary guided by Jagdeep Trehin, Spiritual care, Guidance and Community Involvement Animator - English Montreal School Board School helped serve, danced, said kind words and brought cards for all the guests. Guests were the Older Adults from the community. Music by the <strong>Fabulous Flashbacks.<\/strong> Line dancing was spontaneously led by local police officer Constable DeAngelis. As the guests were departing, we saw one gentleman smile warmly at the card while tucking it away very carefully in his breast pocket. Guests and volunteers alike are looking forward to future Tea Dances.<\/p><p>[\/et_pb_accordion_item][et_pb_accordion_item title=\"CPE Afternoon Tea 2019-06\" _builder_version=\"4.7.0\" _module_preset=\"default\" body_quote_border_color=\"#195176\" open=\"off\"]<\/p><p>In celebration of \u201cCPE week\u201d, \u201cFriendship has no age day\u201d and to honour the Seniors in the community CPE Les P\u2019tits Profs hosted a schoolyard <strong>Senior Appreciation Tea Party.<\/strong><\/p><p>Thank you: William and his wife wrote us a beautiful email of thanks, \u201cI wanted to let you know how much my wife and I appreciated being at the tea party of your CPE. It was clear that a lot of work and preparation had gone into the event. My wife and I do not have children or grandchildren. It was therefore amazing for us to see so many \u2018small ones \u2018at the same time. And all the attention and watching that they require. That is what the intergenerational day has done for us.<\/p><p><img class=\"wp-image-49533 alignnone size-medium\" src=\"https:\/\/winmontreal.org\/wp-content\/uploads\/\/CPE-Ptits-Profs-2019-Tea-Party-2-1-300x200.jpg\" alt=\"\" width=\"300\" height=\"200\" \/><\/p><p>\u00a0<\/p><p>[\/et_pb_accordion_item][et_pb_accordion_item title=\"March for the environment\" _builder_version=\"4.7.0\" _module_preset=\"default\" body_quote_border_color=\"#195176\" open=\"off\"]<\/p><p>WIN joined Mark Medicoff, faculty representative to the student group <strong>Sustainable Concordia<\/strong> to mobilize Older Adults in support of \"our grandchildren and youth\": Elders for Climate March! \/ Les A\u00een\u00e9-es \u00e0 la marche pour le climat<\/p><p>[\/et_pb_accordion_item][et_pb_accordion_item title=\"Town of Montreal West 50 plus club\" _builder_version=\"4.7.0\" _module_preset=\"default\" body_quote_border_color=\"#195176\" open=\"off\"]<\/p><p><strong>Town of Montreal West 50 plus club and Edinburg Elementary School leadership group<\/strong> (Facilitated by Extra Miles senior visiting program and WIN)<\/p><p>[\/et_pb_accordion_item][et_pb_accordion_item title=\"Cyber seniors\" _builder_version=\"4.7.0\" _module_preset=\"default\" body_quote_border_color=\"#195176\" open=\"off\"]<\/p><p><strong>Cyber seniors<\/strong> (EMSB\/JFK, REISA, WIN) Cyber Seniors \/ Seniors from Almage 50+ Center and secondary 5 students from John F. Kennedy High school. (Relationship assisted by REISA, EMSB SCA Samantha Smith and WIN) (pictures from REISA)<\/p><ul><li>A program pairing secondary 5 students with Seniors who want to learn how to better communicate in today\u2019s world.<\/li><li>The program encouraged dialogue and building intergenerational friendships.<\/li><\/ul><p><img class=\"wp-image-49535 alignnone size-medium\" src=\"https:\/\/winmontreal.org\/wp-content\/uploads\/\/Cyber-Seniors-EMSB-JFK-_-Almage-with-REISA-IMG_20191126_141554-300x225.jpg\" alt=\"\" width=\"300\" height=\"225\" \/><\/p><p>[\/et_pb_accordion_item][et_pb_accordion_item title=\"Monday with Montclair Residents\" _builder_version=\"4.7.0\" _module_preset=\"default\" body_quote_border_color=\"#195176\" open=\"off\"]<\/p><p>During the 2019-2020 school year (until March 2020), the Kindergarten classes from Saint Monica Elementary School walked to Montclair Residence with their teacher and their SCA, Ms. Samantha (Smith). The little ones entertained the Residents with a couple of songs, then grouped with a Resident or 2 to read and share their favourite books. These activities were followed by a creative Art Activity to the theme of the Month. The time together was filled with lots of cuddles and broad smiles.<\/p><p>[\/et_pb_accordion_item][\/et_pb_accordion][\/et_pb_column][\/et_pb_row][\/et_pb_section][et_pb_section fb_built=\"1\" disabled_on=\"off|off|off\" admin_label=\"FIXES MOBILE MENU - DO NOT DELETE\" module_class=\"MobileMenuFix\" _builder_version=\"4.7.0\" background_enable_color=\"off\" background_enable_image=\"off\" background_enable_video_mp4=\"off\" custom_padding=\"5%||5%||true|false\" custom_css_after=\"content: '';|| display: block;|| position: absolute;|| left: 0;|| right: 0;|| top: 0;|| bottom: 0;|| background: rgba(0, 0, 0, .1);|| background-image: radial-gradient(black 5%, transparent 5%);|| background-size: 3px 3px;\" divi_se_set=\"vimeobg\" divi_se_vimeobg_transform=\"divi_se_vimeobg\" divi_se_vimeobg_source=\"youtube\" divi_se_vimeobg_id=\"YcwmP8zfwAQ\" divi_se_vimeobg_width=\"parallax\" locked=\"off\" divi_se_youtube_preview=\"no\"][\/et_pb_section]<\/p>","_et_gb_content_width":"","footnotes":""},"class_list":["post-49676","page","type-page","status-publish","hentry"],"aioseo_notices":[],"_links":{"self":[{"href":"http:\/\/winmontreal.org\/fr\/wp-json\/wp\/v2\/pages\/49676","targetHints":{"allow":["GET"]}}],"collection":[{"href":"http:\/\/winmontreal.org\/fr\/wp-json\/wp\/v2\/pages"}],"about":[{"href":"http:\/\/winmontreal.org\/fr\/wp-json\/wp\/v2\/types\/page"}],"author":[{"embeddable":true,"href":"http:\/\/winmontreal.org\/fr\/wp-json\/wp\/v2\/users\/5"}],"replies":[{"embeddable":true,"href":"http:\/\/winmontreal.org\/fr\/wp-json\/wp\/v2\/comments?post=49676"}],"version-history":[{"count":10,"href":"http:\/\/winmontreal.org\/fr\/wp-json\/wp\/v2\/pages\/49676\/revisions"}],"predecessor-version":[{"id":49796,"href":"http:\/\/winmontreal.org\/fr\/wp-json\/wp\/v2\/pages\/49676\/revisions\/49796"}],"wp:attachment":[{"href":"http:\/\/winmontreal.org\/fr\/wp-json\/wp\/v2\/media?parent=49676"}],"curies":[{"name":"wp","href":"https:\/\/api.w.org\/{rel}","templated":true}]}}